{"id":5845,"date":"2023-04-26T11:14:30","date_gmt":"2023-04-26T09:14:30","guid":{"rendered":"https:\/\/www.kliinikum.ee\/eetikakomitee\/?page_id=5845"},"modified":"2025-11-18T11:13:14","modified_gmt":"2025-11-18T09:13:14","slug":"komitee-koosseis","status":"publish","type":"page","link":"https:\/\/www.kliinikum.ee\/eetikakomitee\/komitee-koosseis\/","title":{"rendered":"Komitee koosseis"},"content":{"rendered":"\n<div class=\"wp-block-uagb-container uagb-block-07ef4e12 alignfull uagb-is-root-container\"><div class=\"uagb-container-inner-blocks-wrap\">\n<div class=\"wp-block-uagb-container uagb-block-2231f3e4\">\n<figure class=\"wp-block-image size-large is-resized\"><img loading=\"lazy\" decoding=\"async\" width=\"1410\" height=\"2000\" src=\"https:\/\/www.kliinikum.ee\/eetikakomitee\/wp-content\/uploads\/2025\/11\/4-722x1024.png\" alt=\"\" class=\"wp-image-6257\" style=\"width:349px;height:auto\" srcset=\"https:\/\/www.kliinikum.ee\/eetikakomitee\/wp-content\/uploads\/2025\/11\/4-722x1024.png 722w, https:\/\/www.kliinikum.ee\/eetikakomitee\/wp-content\/uploads\/2025\/11\/4-212x300.png 212w, https:\/\/www.kliinikum.ee\/eetikakomitee\/wp-content\/uploads\/2025\/11\/4-768x1089.png 768w, https:\/\/www.kliinikum.ee\/eetikakomitee\/wp-content\/uploads\/2025\/11\/4-1083x1536.png 1083w, https:\/\/www.kliinikum.ee\/eetikakomitee\/wp-content\/uploads\/2025\/11\/4.png 1410w\" sizes=\"auto, (max-width: 1410px) 100vw, 1410px\" \/><\/figure>\n<\/div>\n\n\n\n<div class=\"wp-block-uagb-container uagb-block-a4cb9046\">\n<p><strong>Dr Maarja Maser, kliinilise eetika komitee esimees<\/strong><br><br>E-post: <a href=\"mailto:Tuuli.Metsvaht@kliinikum.ee\">Maarja.Maser@kliinikum.ee<\/a><br><br>Eriala: vanemarst-\u00f5ppej\u00f5ud kardioloogia erialal<br>T\u00f6\u00f6koht: sihtasutus Tartu \u00dclikooli Kliinikum, s\u00fcdamekliinik<\/p>\n<\/div>\n<\/div><\/div>\n\n\n\n<div class=\"wp-block-uagb-container uagb-block-c695e62e alignfull uagb-is-root-container\"><div class=\"uagb-container-inner-blocks-wrap\">\n<div class=\"wp-block-uagb-container uagb-block-67e720ac\">\n<div class=\"wp-block-uagb-image alignleft uagb-block-17e14eb5 wp-block-uagb-image--layout-default wp-block-uagb-image--effect-static wp-block-uagb-image--align-left\"><figure class=\"wp-block-uagb-image__figure\"><img decoding=\"async\" srcset=\"https:\/\/www.kliinikum.ee\/eetikakomitee\/wp-content\/uploads\/2025\/11\/6-1-722x1024.png ,https:\/\/www.kliinikum.ee\/eetikakomitee\/wp-content\/uploads\/2025\/11\/6-1.png 780w, https:\/\/www.kliinikum.ee\/eetikakomitee\/wp-content\/uploads\/2025\/11\/6-1.png 360w\" sizes=\"auto, (max-width: 480px) 150px\" src=\"https:\/\/www.kliinikum.ee\/eetikakomitee\/wp-content\/uploads\/2025\/11\/6-1-722x1024.png\" alt=\"\" class=\"uag-image-6309\" width=\"346\" height=\"490\" title=\"6\" loading=\"lazy\" role=\"img\"\/><\/figure><\/div>\n<\/div>\n\n\n\n<div class=\"wp-block-uagb-container uagb-block-ca2dc037\">\n<p><strong>Prof<\/strong> <strong>Kadri Simm<\/strong>, <strong>kliinilise<\/strong> <strong>eetika komitee aseesimees<\/strong><br><br>E-post:&nbsp;<a href=\"mailto:Kadri.Simm@ut.ee\">Kadri.Simm@ut.ee<\/a><br><br>Eriala: praktilise eetika professor<br>T\u00f6\u00f6koht: Tartu \u00dclikool, filosoofia ja semiootika instituut, praktilise filosoofia \u00f5ppetool<br><\/p>\n<\/div>\n<\/div><\/div>\n\n\n\n<div class=\"wp-block-uagb-container uagb-block-79fa0db3 alignfull uagb-is-root-container\"><div class=\"uagb-container-inner-blocks-wrap\">\n<div class=\"wp-block-uagb-container uagb-block-c66eb0dd\">\n<div class=\"wp-block-uagb-image alignleft uagb-block-af57db6f wp-block-uagb-image--layout-default wp-block-uagb-image--effect-static wp-block-uagb-image--align-left\"><figure class=\"wp-block-uagb-image__figure\"><img decoding=\"async\" srcset=\"https:\/\/www.kliinikum.ee\/eetikakomitee\/wp-content\/uploads\/2025\/11\/3-1-722x1024.png ,https:\/\/www.kliinikum.ee\/eetikakomitee\/wp-content\/uploads\/2025\/11\/3-1.png 780w, https:\/\/www.kliinikum.ee\/eetikakomitee\/wp-content\/uploads\/2025\/11\/3-1.png 360w\" sizes=\"auto, (max-width: 480px) 150px\" src=\"https:\/\/www.kliinikum.ee\/eetikakomitee\/wp-content\/uploads\/2025\/11\/3-1-722x1024.png\" alt=\"\" class=\"uag-image-6342\" width=\"347\" height=\"491\" title=\"3\" loading=\"lazy\" role=\"img\"\/><\/figure><\/div>\n<\/div>\n\n\n\n<div class=\"wp-block-uagb-container uagb-block-97bbfa06\">\n<p><strong>Naatan Haamer<\/strong><br><br>E-post: <a href=\"mailto:Naatan.Haamer@kliinikum.ee\">Naatan.Haamer@kliinikum.ee<\/a><br><br>Eriala: hingehoidja<br>T\u00f6\u00f6koht: sihtasutus Tartu \u00dclikooli Kliinikum, naistekliinik, lastekliinik<br><\/p>\n<\/div>\n<\/div><\/div>\n\n\n\n<div class=\"wp-block-uagb-container uagb-block-d35727e0 alignfull uagb-is-root-container\"><div class=\"uagb-container-inner-blocks-wrap\">\n<div class=\"wp-block-uagb-container uagb-block-bb753e6a\">\n<figure class=\"wp-block-image size-full is-resized\"><img loading=\"lazy\" decoding=\"async\" width=\"400\" height=\"498\" src=\"https:\/\/www.kliinikum.ee\/eetikakomitee\/wp-content\/uploads\/2025\/11\/Katrin-Elmet-2.jpg\" alt=\"\" class=\"wp-image-6293\" style=\"width:354px;height:auto\" srcset=\"https:\/\/www.kliinikum.ee\/eetikakomitee\/wp-content\/uploads\/2025\/11\/Katrin-Elmet-2.jpg 400w, https:\/\/www.kliinikum.ee\/eetikakomitee\/wp-content\/uploads\/2025\/11\/Katrin-Elmet-2-241x300.jpg 241w\" sizes=\"auto, (max-width: 400px) 100vw, 400px\" \/><\/figure>\n<\/div>\n\n\n\n<div class=\"wp-block-uagb-container uagb-block-6055a1ab\">\n<p><strong>Dr Katrin Elmet<\/strong><br><br>E-post: <a href=\"mailto:Tuuli.Metsvaht@kliinikum.ee\">Katrin.Elmet@kliinikum.ee<\/a><br><br>Eriala: vanemarst-\u00f5ppej\u00f5ud anestesioloogia erialal<br>T\u00f6\u00f6koht: sihtasutus Tartu \u00dclikooli Kliinikum, anestesioloogia ja intensiivravi kliinik<\/p>\n<\/div>\n<\/div><\/div>\n\n\n\n<div class=\"wp-block-uagb-container uagb-block-af72fc87 alignfull uagb-is-root-container\"><div class=\"uagb-container-inner-blocks-wrap\">\n<div class=\"wp-block-uagb-container uagb-block-0f343de5\">\n<div class=\"wp-block-uagb-image alignleft uagb-block-3c7a154e wp-block-uagb-image--layout-default wp-block-uagb-image--effect-static wp-block-uagb-image--align-left\"><figure class=\"wp-block-uagb-image__figure\"><img decoding=\"async\" srcset=\"https:\/\/www.kliinikum.ee\/eetikakomitee\/wp-content\/uploads\/2025\/11\/10-722x1024.png ,https:\/\/www.kliinikum.ee\/eetikakomitee\/wp-content\/uploads\/2025\/11\/10.png 780w, https:\/\/www.kliinikum.ee\/eetikakomitee\/wp-content\/uploads\/2025\/11\/10.png 360w\" sizes=\"auto, (max-width: 480px) 150px\" src=\"https:\/\/www.kliinikum.ee\/eetikakomitee\/wp-content\/uploads\/2025\/11\/10-722x1024.png\" alt=\"\" class=\"uag-image-6267\" width=\"362\" height=\"505\" title=\"10\" loading=\"lazy\" role=\"img\"\/><\/figure><\/div>\n<\/div>\n\n\n\n<div class=\"wp-block-uagb-container uagb-block-08364c0e\">\n<p><strong>Katrin T\u00e4hep\u00f5ld<\/strong><br><br>E-post: <a href=\"mailto:Ilona.Pastarus@kliinikum.ee\">Katrin.Tahepold@kliinikum.ee<\/a><br><br>Eriala: osakonna \u00f5endusjuht, \u00f5de<br>T\u00f6\u00f6koht: sihtasutus Tartu \u00dclikooli Kliinikum, hematoloogia ja onkoloogia kliiniku radio- ja onkoteraapia osakond<br><\/p>\n<\/div>\n<\/div><\/div>\n\n\n\n<div class=\"wp-block-uagb-container uagb-block-e833b152 alignfull uagb-is-root-container\"><div class=\"uagb-container-inner-blocks-wrap\">\n<div class=\"wp-block-uagb-container uagb-block-324aff22\"><div class=\"wp-block-image alignleft\">\n<figure class=\"size-full is-resized\"><img loading=\"lazy\" decoding=\"async\" width=\"1410\" height=\"2000\" src=\"https:\/\/www.kliinikum.ee\/eetikakomitee\/wp-content\/uploads\/2025\/11\/7_-2.png\" alt=\"\" class=\"wp-image-6338\" style=\"width:363px;height:auto\" srcset=\"https:\/\/www.kliinikum.ee\/eetikakomitee\/wp-content\/uploads\/2025\/11\/7_-2.png 1410w, https:\/\/www.kliinikum.ee\/eetikakomitee\/wp-content\/uploads\/2025\/11\/7_-2-212x300.png 212w, https:\/\/www.kliinikum.ee\/eetikakomitee\/wp-content\/uploads\/2025\/11\/7_-2-722x1024.png 722w, https:\/\/www.kliinikum.ee\/eetikakomitee\/wp-content\/uploads\/2025\/11\/7_-2-768x1089.png 768w, https:\/\/www.kliinikum.ee\/eetikakomitee\/wp-content\/uploads\/2025\/11\/7_-2-1083x1536.png 1083w\" sizes=\"auto, (max-width: 1410px) 100vw, 1410px\" \/><\/figure>\n<\/div><\/div>\n\n\n\n<div class=\"wp-block-uagb-container uagb-block-e592f79d\">\n<p><strong>Dr Kadri V\u00e4ljataga<\/strong><br><br>E-post:&nbsp;<a href=\"mailto:Kadri.Valjataga@kliinikum.ee\">Kadri.Valjataga@kliinikum.ee<\/a><br><br>Eriala: arst-\u00f5ppej\u00f5ud sisehaiguste erialal<br>T\u00f6\u00f6koht: sihtasutus Tartu \u00dclikooli Kliinikum, sisekliinik<br><\/p>\n<\/div>\n<\/div><\/div>\n\n\n\n<div class=\"wp-block-uagb-container uagb-block-64ad22c0 alignfull uagb-is-root-container\"><div class=\"uagb-container-inner-blocks-wrap\">\n<div class=\"wp-block-uagb-container uagb-block-0dcb8133\">\n<div class=\"wp-block-uagb-image alignleft uagb-block-0dbb822f wp-block-uagb-image--layout-default wp-block-uagb-image--effect-static wp-block-uagb-image--align-left\"><figure class=\"wp-block-uagb-image__figure\"><img decoding=\"async\" srcset=\"https:\/\/www.kliinikum.ee\/eetikakomitee\/wp-content\/uploads\/2025\/11\/Made-Laanpere_1-1-683x1024.jpg ,https:\/\/www.kliinikum.ee\/eetikakomitee\/wp-content\/uploads\/2025\/11\/Made-Laanpere_1-1-scaled.jpg 780w, https:\/\/www.kliinikum.ee\/eetikakomitee\/wp-content\/uploads\/2025\/11\/Made-Laanpere_1-1-scaled.jpg 360w\" sizes=\"auto, (max-width: 480px) 150px\" src=\"https:\/\/www.kliinikum.ee\/eetikakomitee\/wp-content\/uploads\/2025\/11\/Made-Laanpere_1-1-683x1024.jpg\" alt=\"\" class=\"uag-image-6356\" width=\"360\" height=\"539\" title=\"Made Laanpere_1\" loading=\"lazy\" role=\"img\"\/><\/figure><\/div>\n<\/div>\n\n\n\n<div class=\"wp-block-uagb-container uagb-block-f8820c29\">\n<p><strong>Dr Made Laanpere<\/strong><br><br>E-post:&nbsp;<a href=\"mailto:Margit.Luiga@kliinikum.ee\">Made.Laanpere@kliinikum.ee<\/a><br>L. Puusepa 8, 50406 Tartu<br><br>Eriala:&nbsp;vanemarst-\u00f5ppej\u00f5ud s\u00fcnnitusabi ja g\u00fcnekoloogia erialal<br>T\u00f6\u00f6koht: sihtasutus Tartu \u00dclikooli Kliinikum, naistekliinik<br><\/p>\n<\/div>\n<\/div><\/div>\n\n\n\n<div class=\"wp-block-uagb-container uagb-block-ddb5d8fd alignfull uagb-is-root-container\"><div class=\"uagb-container-inner-blocks-wrap\">\n<div class=\"wp-block-uagb-container uagb-block-8c59f051\">\n<div class=\"wp-block-uagb-image alignleft uagb-block-92bdcc7b wp-block-uagb-image--layout-default wp-block-uagb-image--effect-static wp-block-uagb-image--align-left\"><figure class=\"wp-block-uagb-image__figure\"><img decoding=\"async\" srcset=\"https:\/\/www.kliinikum.ee\/eetikakomitee\/wp-content\/uploads\/2025\/11\/passifoto-1-819x1024.jpg ,https:\/\/www.kliinikum.ee\/eetikakomitee\/wp-content\/uploads\/2025\/11\/passifoto-1-scaled.jpg 780w, https:\/\/www.kliinikum.ee\/eetikakomitee\/wp-content\/uploads\/2025\/11\/passifoto-1-scaled.jpg 360w\" sizes=\"auto, (max-width: 480px) 150px\" src=\"https:\/\/www.kliinikum.ee\/eetikakomitee\/wp-content\/uploads\/2025\/11\/passifoto-1-819x1024.jpg\" alt=\"\" class=\"uag-image-6360\" width=\"355\" height=\"444\" title=\"passifoto\" loading=\"lazy\" role=\"img\"\/><\/figure><\/div>\n<\/div>\n\n\n\n<div class=\"wp-block-uagb-container uagb-block-5be676f0\">\n<p><strong>Dr Tuuli Metsvaht<\/strong><br><br>E-post: <a href=\"mailto:Tuuli.Metsvaht@kliinikum.ee\">Tuuli.Metsvaht@kliinikum.ee<\/a><br>L. Puusepa 8, 50406 Tartu<br><br>Eriala: lastekliiniku juht, vanemarst \u00f5ppej\u00f5ud anestesioloogia erialal<br>T\u00f6\u00f6koht: sihtasutus Tartu \u00dclikooli Kliinikum, lastekliinik, anestesioloogia ja intensiivravi kliinik <br><\/p>\n<\/div>\n<\/div><\/div>\n\n\n\n<div class=\"wp-block-uagb-container uagb-block-22749f3f alignfull uagb-is-root-container\"><div class=\"uagb-container-inner-blocks-wrap\">\n<div class=\"wp-block-uagb-container uagb-block-e02fa1a6\">\n<figure class=\"wp-block-image size-large is-resized\"><img loading=\"lazy\" decoding=\"async\" width=\"722\" height=\"1024\" src=\"https:\/\/www.kliinikum.ee\/eetikakomitee\/wp-content\/uploads\/2025\/11\/12-722x1024.png\" alt=\"\" class=\"wp-image-6277\" style=\"width:351px;height:auto\" srcset=\"https:\/\/www.kliinikum.ee\/eetikakomitee\/wp-content\/uploads\/2025\/11\/12-722x1024.png 722w, https:\/\/www.kliinikum.ee\/eetikakomitee\/wp-content\/uploads\/2025\/11\/12-212x300.png 212w, https:\/\/www.kliinikum.ee\/eetikakomitee\/wp-content\/uploads\/2025\/11\/12-768x1089.png 768w, https:\/\/www.kliinikum.ee\/eetikakomitee\/wp-content\/uploads\/2025\/11\/12-1083x1536.png 1083w, https:\/\/www.kliinikum.ee\/eetikakomitee\/wp-content\/uploads\/2025\/11\/12.png 1410w\" sizes=\"auto, (max-width: 722px) 100vw, 722px\" \/><\/figure>\n<\/div>\n\n\n\n<div class=\"wp-block-uagb-container uagb-block-a25c606f\">\n<p><strong>Dr Jaagup Truusalu<\/strong><br><br>E-post: <a href=\"mailto:Tuuli.Metsvaht@kliinikum.ee\">Jaagup.Truusalu@kliinikum.ee<\/a><br><br>Eriala: vanemarst-\u00f5ppej\u00f5ud kardiokirurgia erialal<br>T\u00f6\u00f6koht: sihtasutus Tartu \u00dclikooli Kliinikum, lastekliinik, s\u00fcdamekliinik<\/p>\n<\/div>\n<\/div><\/div>\n\n\n\n<div class=\"wp-block-uagb-container uagb-block-4fba1dd6 alignfull uagb-is-root-container\"><div class=\"uagb-container-inner-blocks-wrap\">\n<div class=\"wp-block-uagb-container uagb-block-cd55eda4\">\n<figure class=\"wp-block-image size-large is-resized\"><img loading=\"lazy\" decoding=\"async\" width=\"722\" height=\"1024\" src=\"https:\/\/www.kliinikum.ee\/eetikakomitee\/wp-content\/uploads\/2025\/11\/11-722x1024.png\" alt=\"\" class=\"wp-image-6280\" style=\"width:349px;height:auto\" srcset=\"https:\/\/www.kliinikum.ee\/eetikakomitee\/wp-content\/uploads\/2025\/11\/11-722x1024.png 722w, https:\/\/www.kliinikum.ee\/eetikakomitee\/wp-content\/uploads\/2025\/11\/11-212x300.png 212w, https:\/\/www.kliinikum.ee\/eetikakomitee\/wp-content\/uploads\/2025\/11\/11-768x1089.png 768w, https:\/\/www.kliinikum.ee\/eetikakomitee\/wp-content\/uploads\/2025\/11\/11-1083x1536.png 1083w, https:\/\/www.kliinikum.ee\/eetikakomitee\/wp-content\/uploads\/2025\/11\/11.png 1410w\" sizes=\"auto, (max-width: 722px) 100vw, 722px\" \/><\/figure>\n<\/div>\n\n\n\n<div class=\"wp-block-uagb-container uagb-block-ebe86d6d\">\n<p><strong>Dr Reigo Reppo<\/strong><br><br>E-post: <a href=\"mailto:Tuuli.Metsvaht@kliinikum.ee\">Reigo.Reppo@kliinikum.ee<\/a><br><br>Eriala: vanemarst-\u00f5ppej\u00f5ud ps\u00fchhiaatria erialal<br>T\u00f6\u00f6koht: sihtasutus Tartu \u00dclikooli Kliinikum, laste ja noorukite vaimse tervise keskuse juht<\/p>\n<\/div>\n<\/div><\/div>\n\n\n\n<div class=\"wp-block-uagb-container uagb-block-2229b7d6 alignfull uagb-is-root-container\"><div class=\"uagb-container-inner-blocks-wrap\">\n<div class=\"wp-block-uagb-container uagb-block-0f7d9e3d\">\n<figure class=\"wp-block-image size-large is-resized\"><img loading=\"lazy\" decoding=\"async\" width=\"722\" height=\"1024\" src=\"https:\/\/www.kliinikum.ee\/eetikakomitee\/wp-content\/uploads\/2025\/11\/9-722x1024.png\" alt=\"\" class=\"wp-image-6282\" style=\"width:346px;height:auto\" srcset=\"https:\/\/www.kliinikum.ee\/eetikakomitee\/wp-content\/uploads\/2025\/11\/9-722x1024.png 722w, https:\/\/www.kliinikum.ee\/eetikakomitee\/wp-content\/uploads\/2025\/11\/9-212x300.png 212w, https:\/\/www.kliinikum.ee\/eetikakomitee\/wp-content\/uploads\/2025\/11\/9-768x1089.png 768w, https:\/\/www.kliinikum.ee\/eetikakomitee\/wp-content\/uploads\/2025\/11\/9-1083x1536.png 1083w, https:\/\/www.kliinikum.ee\/eetikakomitee\/wp-content\/uploads\/2025\/11\/9.png 1410w\" sizes=\"auto, (max-width: 722px) 100vw, 722px\" \/><\/figure>\n<\/div>\n\n\n\n<div class=\"wp-block-uagb-container uagb-block-0ab51290\">\n<p><strong>Dr Asser Aavik<\/strong><br><br>E-post: <a href=\"mailto:Tuuli.Metsvaht@kliinikum.ee\">Asser.Aavik@kliinikum.ee<\/a><br><br>Eriala: vanemarst-\u00f5ppej\u00f5ud veresoontekirurgia erialal<br>T\u00f6\u00f6koht: sihtasutus Tartu \u00dclikooli Kliinikum, kirurgiakliinik<\/p>\n<\/div>\n<\/div><\/div>\n\n\n\n<div class=\"wp-block-columns is-layout-flex wp-container-core-columns-is-layout-28f84493 wp-block-columns-is-layout-flex\">\n<div class=\"wp-block-column is-layout-flow wp-block-column-is-layout-flow\"><\/div>\n\n\n\n<div class=\"wp-block-column is-layout-flow wp-block-column-is-layout-flow\"><\/div>\n<\/div>\n\n\n\n<div class=\"wp-block-uagb-container uagb-block-7f363b9e alignfull uagb-is-root-container\"><div class=\"uagb-container-inner-blocks-wrap\">\n<div class=\"wp-block-uagb-container uagb-block-164caea3\">\n<div class=\"wp-block-uagb-image alignleft uagb-block-414efcfd wp-block-uagb-image--layout-default wp-block-uagb-image--effect-static wp-block-uagb-image--align-left\"><figure class=\"wp-block-uagb-image__figure\"><img decoding=\"async\" srcset=\"https:\/\/www.kliinikum.ee\/eetikakomitee\/wp-content\/uploads\/2025\/11\/Vooro-Liina-1-722x1024.png ,https:\/\/www.kliinikum.ee\/eetikakomitee\/wp-content\/uploads\/2025\/11\/Vooro-Liina-1.png 780w, https:\/\/www.kliinikum.ee\/eetikakomitee\/wp-content\/uploads\/2025\/11\/Vooro-Liina-1.png 360w\" sizes=\"auto, (max-width: 480px) 150px\" src=\"https:\/\/www.kliinikum.ee\/eetikakomitee\/wp-content\/uploads\/2025\/11\/Vooro-Liina-1-722x1024.png\" alt=\"\" class=\"uag-image-6304\" width=\"341\" height=\"476\" title=\"Vooro-Liina\" loading=\"lazy\" role=\"img\"\/><\/figure><\/div>\n<\/div>\n\n\n\n<div class=\"wp-block-uagb-container uagb-block-b8efbabe\">\n<p><strong>Liina Vooro<\/strong><br><br>E-post:\u00a0<a href=\"mailto:Liina.Lokko@gmail.com\">Liina.Lokko@gmail.com<\/a><br><br>Eriala: MSc rahvatervishoid, epidemioloogia<br>T\u00f6\u00f6koht: Varajase Kaasamise Keskus O\u00dc, juhatuse liige<br><\/p>\n<\/div>\n<\/div><\/div>\n\n\n\n<div class=\"wp-block-columns is-layout-flex wp-container-core-columns-is-layout-28f84493 wp-block-columns-is-layout-flex\">\n<div class=\"wp-block-column is-layout-flow wp-block-column-is-layout-flow\"><\/div>\n\n\n\n<div class=\"wp-block-column is-layout-flow wp-block-column-is-layout-flow\"><\/div>\n<\/div>\n\n\n\n<div class=\"wp-block-uagb-container uagb-block-96bacdb0 alignfull uagb-is-root-container\"><div class=\"uagb-container-inner-blocks-wrap\">\n<div class=\"wp-block-uagb-container uagb-block-bcf45222\">\n<figure class=\"wp-block-image size-large is-resized\"><img loading=\"lazy\" decoding=\"async\" width=\"722\" height=\"1024\" src=\"https:\/\/www.kliinikum.ee\/eetikakomitee\/wp-content\/uploads\/2025\/11\/8-722x1024.png\" alt=\"\" class=\"wp-image-6287\" style=\"width:347px;height:auto\" srcset=\"https:\/\/www.kliinikum.ee\/eetikakomitee\/wp-content\/uploads\/2025\/11\/8-722x1024.png 722w, https:\/\/www.kliinikum.ee\/eetikakomitee\/wp-content\/uploads\/2025\/11\/8-212x300.png 212w, https:\/\/www.kliinikum.ee\/eetikakomitee\/wp-content\/uploads\/2025\/11\/8-768x1089.png 768w, https:\/\/www.kliinikum.ee\/eetikakomitee\/wp-content\/uploads\/2025\/11\/8-1083x1536.png 1083w, https:\/\/www.kliinikum.ee\/eetikakomitee\/wp-content\/uploads\/2025\/11\/8.png 1410w\" sizes=\"auto, (max-width: 722px) 100vw, 722px\" \/><\/figure>\n<\/div>\n\n\n\n<div class=\"wp-block-uagb-container uagb-block-136acc13\">\n<p><strong>Mai \u00c4rmand<\/strong><br><br>E-post: <a href=\"mailto:Tuuli.Metsvaht@kliinikum.ee\">Mai.Armand@kliinikum.ee<\/a><br><br>Eriala: \u00f5igusteenistuse juht<br>T\u00f6\u00f6koht: sihtasutus Tartu \u00dclikooli Kliinikum, \u00f5igusteenistus<\/p>\n<\/div>\n<\/div><\/div>\n","protected":false},"excerpt":{"rendered":"<p>Dr Maarja Maser, kliinilise eetika komitee esimees E-post: Maarja.Maser@kliinikum.ee Eriala: vanemarst-\u00f5ppej\u00f5ud kardioloogia erialalT\u00f6\u00f6koht: sihtasutus Tartu \u00dclikooli Kliinikum, s\u00fcdamekliinik Prof Kadri Simm, kliinilise eetika komitee aseesimees E-post:&nbsp;Kadri.Simm@ut.ee Eriala: praktilise eetika professorT\u00f6\u00f6koht: Tartu \u00dclikool, filosoofia ja semiootika instituut, praktilise filosoofia \u00f5ppetool Naatan Haamer E-post: Naatan.Haamer@kliinikum.ee Eriala: hingehoidjaT\u00f6\u00f6koht: sihtasutus Tartu \u00dclikooli Kliinikum, naistekliinik, lastekliinik Dr Katrin Elmet E-post: [&hellip;]<\/p>\n","protected":false},"author":32,"featured_media":0,"parent":0,"menu_order":0,"comment_status":"closed","ping_status":"closed","template":"","meta":{"_acf_changed":false,"_uag_custom_page_level_css":"","footnotes":""},"class_list":["post-5845","page","type-page","status-publish","hentry"],"acf":[],"yoast_head":"<!-- This site is optimized with the Yoast SEO plugin v27.3 - https:\/\/yoast.com\/product\/yoast-seo-wordpress\/ -->\n<title>Komitee koosseis - Kliinilise eetika komitee<\/title>\n<meta name=\"robots\" content=\"index, follow, max-snippet:-1, max-image-preview:large, max-video-preview:-1\" \/>\n<link rel=\"canonical\" href=\"https:\/\/www.kliinikum.ee\/eetikakomitee\/komitee-koosseis\/\" \/>\n<meta property=\"og:locale\" content=\"et_EE\" \/>\n<meta property=\"og:type\" content=\"article\" \/>\n<meta property=\"og:title\" content=\"Komitee koosseis - Kliinilise eetika komitee\" \/>\n<meta property=\"og:description\" content=\"Dr Maarja Maser, kliinilise eetika komitee esimees E-post: Maarja.Maser@kliinikum.ee Eriala: vanemarst-\u00f5ppej\u00f5ud kardioloogia erialalT\u00f6\u00f6koht: sihtasutus Tartu \u00dclikooli Kliinikum, s\u00fcdamekliinik Prof Kadri Simm, kliinilise eetika komitee aseesimees E-post:&nbsp;Kadri.Simm@ut.ee Eriala: praktilise eetika professorT\u00f6\u00f6koht: Tartu \u00dclikool, filosoofia ja semiootika instituut, praktilise filosoofia \u00f5ppetool Naatan Haamer E-post: Naatan.Haamer@kliinikum.ee Eriala: hingehoidjaT\u00f6\u00f6koht: sihtasutus Tartu \u00dclikooli Kliinikum, naistekliinik, lastekliinik Dr Katrin Elmet E-post: [&hellip;]\" \/>\n<meta property=\"og:url\" content=\"https:\/\/www.kliinikum.ee\/eetikakomitee\/komitee-koosseis\/\" \/>\n<meta property=\"og:site_name\" content=\"Kliinilise eetika komitee\" \/>\n<meta property=\"article:modified_time\" content=\"2025-11-18T09:13:14+00:00\" \/>\n<meta property=\"og:image\" content=\"https:\/\/www.kliinikum.ee\/eetikakomitee\/wp-content\/uploads\/2025\/11\/4-722x1024.png\" \/>\n\t<meta property=\"og:image:width\" content=\"722\" \/>\n\t<meta property=\"og:image:height\" content=\"1024\" \/>\n\t<meta property=\"og:image:type\" content=\"image\/png\" \/>\n<meta name=\"twitter:card\" content=\"summary_large_image\" \/>\n<meta name=\"twitter:label1\" content=\"Est. reading time\" \/>\n\t<meta name=\"twitter:data1\" content=\"4 minutit\" \/>\n<script type=\"application\/ld+json\" class=\"yoast-schema-graph\">{\"@context\":\"https:\\\/\\\/schema.org\",\"@graph\":[{\"@type\":\"WebPage\",\"@id\":\"https:\\\/\\\/www.kliinikum.ee\\\/eetikakomitee\\\/komitee-koosseis\\\/\",\"url\":\"https:\\\/\\\/www.kliinikum.ee\\\/eetikakomitee\\\/komitee-koosseis\\\/\",\"name\":\"Komitee koosseis - Kliinilise eetika komitee\",\"isPartOf\":{\"@id\":\"https:\\\/\\\/www.kliinikum.ee\\\/eetikakomitee\\\/#website\"},\"primaryImageOfPage\":{\"@id\":\"https:\\\/\\\/www.kliinikum.ee\\\/eetikakomitee\\\/komitee-koosseis\\\/#primaryimage\"},\"image\":{\"@id\":\"https:\\\/\\\/www.kliinikum.ee\\\/eetikakomitee\\\/komitee-koosseis\\\/#primaryimage\"},\"thumbnailUrl\":\"https:\\\/\\\/www.kliinikum.ee\\\/eetikakomitee\\\/wp-content\\\/uploads\\\/2025\\\/11\\\/4-722x1024.png\",\"datePublished\":\"2023-04-26T09:14:30+00:00\",\"dateModified\":\"2025-11-18T09:13:14+00:00\",\"breadcrumb\":{\"@id\":\"https:\\\/\\\/www.kliinikum.ee\\\/eetikakomitee\\\/komitee-koosseis\\\/#breadcrumb\"},\"inLanguage\":\"et\",\"potentialAction\":[{\"@type\":\"ReadAction\",\"target\":[\"https:\\\/\\\/www.kliinikum.ee\\\/eetikakomitee\\\/komitee-koosseis\\\/\"]}]},{\"@type\":\"ImageObject\",\"inLanguage\":\"et\",\"@id\":\"https:\\\/\\\/www.kliinikum.ee\\\/eetikakomitee\\\/komitee-koosseis\\\/#primaryimage\",\"url\":\"https:\\\/\\\/www.kliinikum.ee\\\/eetikakomitee\\\/wp-content\\\/uploads\\\/2025\\\/11\\\/4.png\",\"contentUrl\":\"https:\\\/\\\/www.kliinikum.ee\\\/eetikakomitee\\\/wp-content\\\/uploads\\\/2025\\\/11\\\/4.png\",\"width\":1410,\"height\":2000},{\"@type\":\"BreadcrumbList\",\"@id\":\"https:\\\/\\\/www.kliinikum.ee\\\/eetikakomitee\\\/komitee-koosseis\\\/#breadcrumb\",\"itemListElement\":[{\"@type\":\"ListItem\",\"position\":1,\"name\":\"Home\",\"item\":\"https:\\\/\\\/www.kliinikum.ee\\\/eetikakomitee\\\/\"},{\"@type\":\"ListItem\",\"position\":2,\"name\":\"Komitee koosseis\"}]},{\"@type\":\"WebSite\",\"@id\":\"https:\\\/\\\/www.kliinikum.ee\\\/eetikakomitee\\\/#website\",\"url\":\"https:\\\/\\\/www.kliinikum.ee\\\/eetikakomitee\\\/\",\"name\":\"Kliinilise eetika komitee\",\"description\":\"Hoolivus, Uuendusmeelsus, P\u00e4devus ja Usaldusv\u00e4\u00e4rsus\",\"potentialAction\":[{\"@type\":\"SearchAction\",\"target\":{\"@type\":\"EntryPoint\",\"urlTemplate\":\"https:\\\/\\\/www.kliinikum.ee\\\/eetikakomitee\\\/?s={search_term_string}\"},\"query-input\":{\"@type\":\"PropertyValueSpecification\",\"valueRequired\":true,\"valueName\":\"search_term_string\"}}],\"inLanguage\":\"et\"}]}<\/script>\n<!-- \/ Yoast SEO plugin. -->","yoast_head_json":{"title":"Komitee koosseis - Kliinilise eetika komitee","robots":{"index":"index","follow":"follow","max-snippet":"max-snippet:-1","max-image-preview":"max-image-preview:large","max-video-preview":"max-video-preview:-1"},"canonical":"https:\/\/www.kliinikum.ee\/eetikakomitee\/komitee-koosseis\/","og_locale":"et_EE","og_type":"article","og_title":"Komitee koosseis - Kliinilise eetika komitee","og_description":"Dr Maarja Maser, kliinilise eetika komitee esimees E-post: Maarja.Maser@kliinikum.ee Eriala: vanemarst-\u00f5ppej\u00f5ud kardioloogia erialalT\u00f6\u00f6koht: sihtasutus Tartu \u00dclikooli Kliinikum, s\u00fcdamekliinik Prof Kadri Simm, kliinilise eetika komitee aseesimees E-post:&nbsp;Kadri.Simm@ut.ee Eriala: praktilise eetika professorT\u00f6\u00f6koht: Tartu \u00dclikool, filosoofia ja semiootika instituut, praktilise filosoofia \u00f5ppetool Naatan Haamer E-post: Naatan.Haamer@kliinikum.ee Eriala: hingehoidjaT\u00f6\u00f6koht: sihtasutus Tartu \u00dclikooli Kliinikum, naistekliinik, lastekliinik Dr Katrin Elmet E-post: [&hellip;]","og_url":"https:\/\/www.kliinikum.ee\/eetikakomitee\/komitee-koosseis\/","og_site_name":"Kliinilise eetika komitee","article_modified_time":"2025-11-18T09:13:14+00:00","og_image":[{"width":722,"height":1024,"url":"https:\/\/www.kliinikum.ee\/eetikakomitee\/wp-content\/uploads\/2025\/11\/4-722x1024.png","type":"image\/png"}],"twitter_card":"summary_large_image","twitter_misc":{"Est. reading time":"4 minutit"},"schema":{"@context":"https:\/\/schema.org","@graph":[{"@type":"WebPage","@id":"https:\/\/www.kliinikum.ee\/eetikakomitee\/komitee-koosseis\/","url":"https:\/\/www.kliinikum.ee\/eetikakomitee\/komitee-koosseis\/","name":"Komitee koosseis - Kliinilise eetika komitee","isPartOf":{"@id":"https:\/\/www.kliinikum.ee\/eetikakomitee\/#website"},"primaryImageOfPage":{"@id":"https:\/\/www.kliinikum.ee\/eetikakomitee\/komitee-koosseis\/#primaryimage"},"image":{"@id":"https:\/\/www.kliinikum.ee\/eetikakomitee\/komitee-koosseis\/#primaryimage"},"thumbnailUrl":"https:\/\/www.kliinikum.ee\/eetikakomitee\/wp-content\/uploads\/2025\/11\/4-722x1024.png","datePublished":"2023-04-26T09:14:30+00:00","dateModified":"2025-11-18T09:13:14+00:00","breadcrumb":{"@id":"https:\/\/www.kliinikum.ee\/eetikakomitee\/komitee-koosseis\/#breadcrumb"},"inLanguage":"et","potentialAction":[{"@type":"ReadAction","target":["https:\/\/www.kliinikum.ee\/eetikakomitee\/komitee-koosseis\/"]}]},{"@type":"ImageObject","inLanguage":"et","@id":"https:\/\/www.kliinikum.ee\/eetikakomitee\/komitee-koosseis\/#primaryimage","url":"https:\/\/www.kliinikum.ee\/eetikakomitee\/wp-content\/uploads\/2025\/11\/4.png","contentUrl":"https:\/\/www.kliinikum.ee\/eetikakomitee\/wp-content\/uploads\/2025\/11\/4.png","width":1410,"height":2000},{"@type":"BreadcrumbList","@id":"https:\/\/www.kliinikum.ee\/eetikakomitee\/komitee-koosseis\/#breadcrumb","itemListElement":[{"@type":"ListItem","position":1,"name":"Home","item":"https:\/\/www.kliinikum.ee\/eetikakomitee\/"},{"@type":"ListItem","position":2,"name":"Komitee koosseis"}]},{"@type":"WebSite","@id":"https:\/\/www.kliinikum.ee\/eetikakomitee\/#website","url":"https:\/\/www.kliinikum.ee\/eetikakomitee\/","name":"Kliinilise eetika komitee","description":"Hoolivus, Uuendusmeelsus, P\u00e4devus ja Usaldusv\u00e4\u00e4rsus","potentialAction":[{"@type":"SearchAction","target":{"@type":"EntryPoint","urlTemplate":"https:\/\/www.kliinikum.ee\/eetikakomitee\/?s={search_term_string}"},"query-input":{"@type":"PropertyValueSpecification","valueRequired":true,"valueName":"search_term_string"}}],"inLanguage":"et"}]}},"uagb_featured_image_src":{"full":false,"thumbnail":false,"medium":false,"medium_large":false,"large":false,"1536x1536":false,"2048x2048":false},"uagb_author_info":{"display_name":"Jane Freimann","author_link":"https:\/\/www.kliinikum.ee\/eetikakomitee\/author\/janef\/"},"uagb_comment_info":0,"uagb_excerpt":"Dr Maarja Maser, kliinilise eetika komitee esimees E-post: Maarja.Maser@kliinikum.ee Eriala: vanemarst-\u00f5ppej\u00f5ud kardioloogia erialalT\u00f6\u00f6koht: sihtasutus Tartu \u00dclikooli Kliinikum, s\u00fcdamekliinik Prof Kadri Simm, kliinilise eetika komitee aseesimees E-post:&nbsp;Kadri.Simm@ut.ee Eriala: praktilise eetika professorT\u00f6\u00f6koht: Tartu \u00dclikool, filosoofia ja semiootika instituut, praktilise filosoofia \u00f5ppetool Naatan Haamer E-post: Naatan.Haamer@kliinikum.ee Eriala: hingehoidjaT\u00f6\u00f6koht: sihtasutus Tartu \u00dclikooli Kliinikum, naistekliinik, lastekliinik Dr Katrin Elmet E-post:&hellip;","_links":{"self":[{"href":"https:\/\/www.kliinikum.ee\/eetikakomitee\/wp-json\/wp\/v2\/pages\/5845","targetHints":{"allow":["GET"]}}],"collection":[{"href":"https:\/\/www.kliinikum.ee\/eetikakomitee\/wp-json\/wp\/v2\/pages"}],"about":[{"href":"https:\/\/www.kliinikum.ee\/eetikakomitee\/wp-json\/wp\/v2\/types\/page"}],"author":[{"embeddable":true,"href":"https:\/\/www.kliinikum.ee\/eetikakomitee\/wp-json\/wp\/v2\/users\/32"}],"replies":[{"embeddable":true,"href":"https:\/\/www.kliinikum.ee\/eetikakomitee\/wp-json\/wp\/v2\/comments?post=5845"}],"version-history":[{"count":0,"href":"https:\/\/www.kliinikum.ee\/eetikakomitee\/wp-json\/wp\/v2\/pages\/5845\/revisions"}],"wp:attachment":[{"href":"https:\/\/www.kliinikum.ee\/eetikakomitee\/wp-json\/wp\/v2\/media?parent=5845"}],"curies":[{"name":"wp","href":"https:\/\/api.w.org\/{rel}","templated":true}]}}