{"id":7584,"date":"2025-05-02T14:49:03","date_gmt":"2025-05-02T12:49:03","guid":{"rendered":"https:\/\/www.kliinikum.ee\/vahikeskus\/?post_type=uudised&#038;p=7584"},"modified":"2025-05-02T15:10:16","modified_gmt":"2025-05-02T13:10:16","slug":"tartu-ulikooli-kliinikumi-vahikeskus-10","status":"publish","type":"uudised","link":"https:\/\/www.kliinikum.ee\/vahikeskus\/uudised\/tartu-ulikooli-kliinikumi-vahikeskus-10\/","title":{"rendered":"Tartu \u00dclikooli Kliinikumi V\u00e4hikeskus 10"},"content":{"rendered":"\n<figure class=\"wp-block-image size-full is-resized\"><img loading=\"lazy\" decoding=\"async\" width=\"792\" height=\"764\" src=\"https:\/\/www.kliinikum.ee\/vahikeskus\/wp-content\/uploads\/2025\/05\/image.png\" alt=\"\" class=\"wp-image-7585\" style=\"width:684px;height:auto\" srcset=\"https:\/\/www.kliinikum.ee\/vahikeskus\/wp-content\/uploads\/2025\/05\/image.png 792w, https:\/\/www.kliinikum.ee\/vahikeskus\/wp-content\/uploads\/2025\/05\/image-300x289.png 300w, https:\/\/www.kliinikum.ee\/vahikeskus\/wp-content\/uploads\/2025\/05\/image-768x741.png 768w\" sizes=\"auto, (max-width: 792px) 100vw, 792px\" \/><\/figure>\n\n\n\n<p>10 aastat V\u00e4hikeskust Tartu \u00dclikooli Kliinikumis<\/p>\n\n\n\n<p>T\u00e4na m\u00f6\u00f6dub 10 aastat ja \u00fcks p\u00e4ev sellest kui Tartu \u00dclikooli Kliinikumi juurde loodi 01.05.2015 V\u00e4hikeskus.<\/p>\n\n\n\n<p>V\u00e4hikeskus loodi Euroopa V\u00e4hiinstituutide Organisatsiooni ehk OECI (<a href=\"https:\/\/www.oeci.eu\">https:\/\/www.oeci.eu<\/a>) akrediteerimise tulemusena - v\u00e4lise hindamise k\u00f5ige olulisem soovitus oli luua erinevates kliinikutes ja osakondades l\u00e4biviidava v\u00e4hidiagnostika ja -ravi koordineerimiseks struktuuride \u00fclene \u00fcksus, eesm\u00e4rgiga tagada sujuv raviteekond ning&nbsp; objektiivselt m\u00f5\u00f5detav rahvusvahelise tipptaseme saavutamine ja hoidmine pahaloomuliste kasvajate ravi tulemustes Kliinikumis.<\/p>\n\n\n\n<p>V\u00e4hikeskuse loojateks ja ehitajateks olid professor Hele Everaus ja dr Peeter Padrik, kes oli ka V\u00e4hikeskuse esimene direktor.&nbsp;&nbsp;&nbsp;<\/p>\n\n\n\n<p>T\u00e4naseks on V\u00e4hikeskus 10 aastat noor - ehk siis tehtud on omajagu, aga vast veel enam on ootamas ees. K\u00f5ige suuremateks v\u00e4ljakutseteks on k\u00f5ikeh\u00f5lmava kvaliteedikultuuri loomine, et iga meie patsient saaks Euroopa parimat v\u00f5imalikku v\u00e4hiravi ning patsiendikogemuse ning organisatsiooni sisse vaadates, et iga t\u00f6\u00f6taja tunneks, et just tema ongi oluline osa V\u00e4hikeskusest, kes k\u00f5ike eelnevat loob ja juhib.<\/p>\n\n\n\n<p>Kolmap\u00e4eval, 30. aprillil t\u00e4histasime \u00fcheskoos kolleegidega Tartust ja Tallinnast T\u00dcK V\u00e4hikeskuse esimest juubelit.&nbsp;<\/p>\n\n\n\n<p>Ettekande uue \u00fcksuse loomise v\u00e4ljakutsetest tegid prof Hele Everaus ning dr Peeter Padrik, OECI juhatuse liige ja akrediteerimiss\u00fcsteemi juht <a href=\"https:\/\/www.oeci.eu\/Personal_Doc.aspx?Id_Pers=629\">Simon Oberst<\/a> andis p\u00f5hjaliku \u00fclevaate kvaliteeditegevuse vastuvaidlematust rollist kaasaegsest v\u00e4hiravis ning v\u00e4ljakutsetest nii Euroopas kui Balti regioonis. T\u00e4histamise l\u00f5petas paneeldiskussioon teemal \u201e<em>Cancer care reimagined - improving quality through collaboration, research and innovation\u201c, mille k\u00e4igus <\/em>vestlesid lisaks Simon Oberstile ka Kadri Putnik (PERH), Kristiina Ojamaa (T\u00dcK), Helen Varres (Sotsiaalministeerium), Kadi-Liis Veiman (ESTCAN), diskussiooni modereeris Lenne-Triin K\u00f5rgvee.&nbsp;<\/p>\n\n\n\n<p>Tartu \u00dclikooli Kliinikumi V\u00e4hikeskus on ainuke OECI akrediteeringuga v\u00e4hikeskus Eestis, kus iga-aastaselt ravitakse enam kui 3000 patsienti. Keskuse t\u00f6\u00f6d juhib Dr. Lenne-Triin K\u00f5rgvee.<\/p>\n\n\n\n<p>Suurimad t\u00e4nud k\u00f5ikidele ettekandjatele ja osalejatele!<\/p>\n\n\n\n<p>Lisainfo:\u00a0Lenne-Triin K\u00f5rgvee (lenne-triin.korgvee@kliinikum.ee)<\/p>\n","protected":false},"excerpt":{"rendered":"<p>10 aastat V\u00e4hikeskust Tartu \u00dclikooli Kliinikumis T\u00e4na m\u00f6\u00f6dub 10 aastat ja \u00fcks p\u00e4ev sellest kui Tartu \u00dclikooli Kliinikumi juurde loodi 01.05.2015 V\u00e4hikeskus. V\u00e4hikeskus loodi Euroopa V\u00e4hiinstituutide Organisatsiooni ehk OECI (https:\/\/www.oeci.eu) akrediteerimise tulemusena - v\u00e4lise hindamise k\u00f5ige olulisem soovitus oli luua erinevates kliinikutes ja osakondades l\u00e4biviidava v\u00e4hidiagnostika ja -ravi koordineerimiseks struktuuride \u00fclene \u00fcksus, eesm\u00e4rgiga tagada sujuv [&hellip;]<\/p>\n","protected":false},"featured_media":0,"template":"","categories":[],"tags":[],"class_list":["post-7584","uudised","type-uudised","status-publish","hentry"],"acf":[],"yoast_head":"<!-- This site is optimized with the Yoast SEO plugin v27.3 - https:\/\/yoast.com\/product\/yoast-seo-wordpress\/ -->\n<title>Tartu \u00dclikooli Kliinikumi V\u00e4hikeskus 10 - V\u00e4hikeskus<\/title>\n<meta name=\"description\" content=\"Tartu \u00dclikooli Kliinikumi V\u00e4hikeskus 10\" \/>\n<meta name=\"robots\" content=\"index, follow, max-snippet:-1, max-image-preview:large, max-video-preview:-1\" \/>\n<link rel=\"canonical\" href=\"https:\/\/www.kliinikum.ee\/vahikeskus\/uudised\/tartu-ulikooli-kliinikumi-vahikeskus-10\/\" \/>\n<meta property=\"og:locale\" content=\"et_EE\" \/>\n<meta property=\"og:type\" content=\"article\" \/>\n<meta property=\"og:title\" content=\"Tartu \u00dclikooli Kliinikumi V\u00e4hikeskus 10 - V\u00e4hikeskus\" \/>\n<meta property=\"og:description\" content=\"Tartu \u00dclikooli Kliinikumi V\u00e4hikeskus 10\" \/>\n<meta property=\"og:url\" content=\"https:\/\/www.kliinikum.ee\/vahikeskus\/uudised\/tartu-ulikooli-kliinikumi-vahikeskus-10\/\" \/>\n<meta property=\"og:site_name\" content=\"V\u00e4hikeskus\" \/>\n<meta property=\"article:modified_time\" content=\"2025-05-02T13:10:16+00:00\" \/>\n<meta property=\"og:image\" content=\"https:\/\/www.kliinikum.ee\/vahikeskus\/wp-content\/uploads\/2025\/05\/image.png\" \/>\n\t<meta property=\"og:image:width\" content=\"792\" \/>\n\t<meta property=\"og:image:height\" content=\"764\" \/>\n\t<meta property=\"og:image:type\" content=\"image\/png\" \/>\n<meta name=\"twitter:card\" content=\"summary_large_image\" \/>\n<meta name=\"twitter:label1\" content=\"Est. reading time\" \/>\n\t<meta name=\"twitter:data1\" content=\"2 minutit\" \/>\n<script type=\"application\/ld+json\" class=\"yoast-schema-graph\">{\"@context\":\"https:\\\/\\\/schema.org\",\"@graph\":[{\"@type\":\"WebPage\",\"@id\":\"https:\\\/\\\/www.kliinikum.ee\\\/vahikeskus\\\/uudised\\\/tartu-ulikooli-kliinikumi-vahikeskus-10\\\/\",\"url\":\"https:\\\/\\\/www.kliinikum.ee\\\/vahikeskus\\\/uudised\\\/tartu-ulikooli-kliinikumi-vahikeskus-10\\\/\",\"name\":\"Tartu \u00dclikooli Kliinikumi V\u00e4hikeskus 10 - V\u00e4hikeskus\",\"isPartOf\":{\"@id\":\"https:\\\/\\\/www.kliinikum.ee\\\/vahikeskus\\\/#website\"},\"primaryImageOfPage\":{\"@id\":\"https:\\\/\\\/www.kliinikum.ee\\\/vahikeskus\\\/uudised\\\/tartu-ulikooli-kliinikumi-vahikeskus-10\\\/#primaryimage\"},\"image\":{\"@id\":\"https:\\\/\\\/www.kliinikum.ee\\\/vahikeskus\\\/uudised\\\/tartu-ulikooli-kliinikumi-vahikeskus-10\\\/#primaryimage\"},\"thumbnailUrl\":\"https:\\\/\\\/www.kliinikum.ee\\\/vahikeskus\\\/wp-content\\\/uploads\\\/2025\\\/05\\\/image.png\",\"datePublished\":\"2025-05-02T12:49:03+00:00\",\"dateModified\":\"2025-05-02T13:10:16+00:00\",\"description\":\"Tartu \u00dclikooli Kliinikumi V\u00e4hikeskus 10\",\"breadcrumb\":{\"@id\":\"https:\\\/\\\/www.kliinikum.ee\\\/vahikeskus\\\/uudised\\\/tartu-ulikooli-kliinikumi-vahikeskus-10\\\/#breadcrumb\"},\"inLanguage\":\"et\",\"potentialAction\":[{\"@type\":\"ReadAction\",\"target\":[\"https:\\\/\\\/www.kliinikum.ee\\\/vahikeskus\\\/uudised\\\/tartu-ulikooli-kliinikumi-vahikeskus-10\\\/\"]}]},{\"@type\":\"ImageObject\",\"inLanguage\":\"et\",\"@id\":\"https:\\\/\\\/www.kliinikum.ee\\\/vahikeskus\\\/uudised\\\/tartu-ulikooli-kliinikumi-vahikeskus-10\\\/#primaryimage\",\"url\":\"https:\\\/\\\/www.kliinikum.ee\\\/vahikeskus\\\/wp-content\\\/uploads\\\/2025\\\/05\\\/image.png\",\"contentUrl\":\"https:\\\/\\\/www.kliinikum.ee\\\/vahikeskus\\\/wp-content\\\/uploads\\\/2025\\\/05\\\/image.png\",\"width\":792,\"height\":764},{\"@type\":\"BreadcrumbList\",\"@id\":\"https:\\\/\\\/www.kliinikum.ee\\\/vahikeskus\\\/uudised\\\/tartu-ulikooli-kliinikumi-vahikeskus-10\\\/#breadcrumb\",\"itemListElement\":[{\"@type\":\"ListItem\",\"position\":1,\"name\":\"Home\",\"item\":\"https:\\\/\\\/www.kliinikum.ee\\\/vahikeskus\\\/\"},{\"@type\":\"ListItem\",\"position\":2,\"name\":\"Uudised\",\"item\":\"https:\\\/\\\/www.kliinikum.ee\\\/vahikeskus\\\/uudised\\\/\"},{\"@type\":\"ListItem\",\"position\":3,\"name\":\"Tartu \u00dclikooli Kliinikumi V\u00e4hikeskus 10\"}]},{\"@type\":\"WebSite\",\"@id\":\"https:\\\/\\\/www.kliinikum.ee\\\/vahikeskus\\\/#website\",\"url\":\"https:\\\/\\\/www.kliinikum.ee\\\/vahikeskus\\\/\",\"name\":\"V\u00e4hikeskus\",\"description\":\"Hoolivus, Uuendusmeelsus, P\u00e4devus ja Usaldusv\u00e4\u00e4rsus\",\"potentialAction\":[{\"@type\":\"SearchAction\",\"target\":{\"@type\":\"EntryPoint\",\"urlTemplate\":\"https:\\\/\\\/www.kliinikum.ee\\\/vahikeskus\\\/?s={search_term_string}\"},\"query-input\":{\"@type\":\"PropertyValueSpecification\",\"valueRequired\":true,\"valueName\":\"search_term_string\"}}],\"inLanguage\":\"et\"}]}<\/script>\n<!-- \/ Yoast SEO plugin. -->","yoast_head_json":{"title":"Tartu \u00dclikooli Kliinikumi V\u00e4hikeskus 10 - V\u00e4hikeskus","description":"Tartu \u00dclikooli Kliinikumi V\u00e4hikeskus 10","robots":{"index":"index","follow":"follow","max-snippet":"max-snippet:-1","max-image-preview":"max-image-preview:large","max-video-preview":"max-video-preview:-1"},"canonical":"https:\/\/www.kliinikum.ee\/vahikeskus\/uudised\/tartu-ulikooli-kliinikumi-vahikeskus-10\/","og_locale":"et_EE","og_type":"article","og_title":"Tartu \u00dclikooli Kliinikumi V\u00e4hikeskus 10 - V\u00e4hikeskus","og_description":"Tartu \u00dclikooli Kliinikumi V\u00e4hikeskus 10","og_url":"https:\/\/www.kliinikum.ee\/vahikeskus\/uudised\/tartu-ulikooli-kliinikumi-vahikeskus-10\/","og_site_name":"V\u00e4hikeskus","article_modified_time":"2025-05-02T13:10:16+00:00","og_image":[{"width":792,"height":764,"url":"https:\/\/www.kliinikum.ee\/vahikeskus\/wp-content\/uploads\/2025\/05\/image.png","type":"image\/png"}],"twitter_card":"summary_large_image","twitter_misc":{"Est. reading time":"2 minutit"},"schema":{"@context":"https:\/\/schema.org","@graph":[{"@type":"WebPage","@id":"https:\/\/www.kliinikum.ee\/vahikeskus\/uudised\/tartu-ulikooli-kliinikumi-vahikeskus-10\/","url":"https:\/\/www.kliinikum.ee\/vahikeskus\/uudised\/tartu-ulikooli-kliinikumi-vahikeskus-10\/","name":"Tartu \u00dclikooli Kliinikumi V\u00e4hikeskus 10 - V\u00e4hikeskus","isPartOf":{"@id":"https:\/\/www.kliinikum.ee\/vahikeskus\/#website"},"primaryImageOfPage":{"@id":"https:\/\/www.kliinikum.ee\/vahikeskus\/uudised\/tartu-ulikooli-kliinikumi-vahikeskus-10\/#primaryimage"},"image":{"@id":"https:\/\/www.kliinikum.ee\/vahikeskus\/uudised\/tartu-ulikooli-kliinikumi-vahikeskus-10\/#primaryimage"},"thumbnailUrl":"https:\/\/www.kliinikum.ee\/vahikeskus\/wp-content\/uploads\/2025\/05\/image.png","datePublished":"2025-05-02T12:49:03+00:00","dateModified":"2025-05-02T13:10:16+00:00","description":"Tartu \u00dclikooli Kliinikumi V\u00e4hikeskus 10","breadcrumb":{"@id":"https:\/\/www.kliinikum.ee\/vahikeskus\/uudised\/tartu-ulikooli-kliinikumi-vahikeskus-10\/#breadcrumb"},"inLanguage":"et","potentialAction":[{"@type":"ReadAction","target":["https:\/\/www.kliinikum.ee\/vahikeskus\/uudised\/tartu-ulikooli-kliinikumi-vahikeskus-10\/"]}]},{"@type":"ImageObject","inLanguage":"et","@id":"https:\/\/www.kliinikum.ee\/vahikeskus\/uudised\/tartu-ulikooli-kliinikumi-vahikeskus-10\/#primaryimage","url":"https:\/\/www.kliinikum.ee\/vahikeskus\/wp-content\/uploads\/2025\/05\/image.png","contentUrl":"https:\/\/www.kliinikum.ee\/vahikeskus\/wp-content\/uploads\/2025\/05\/image.png","width":792,"height":764},{"@type":"BreadcrumbList","@id":"https:\/\/www.kliinikum.ee\/vahikeskus\/uudised\/tartu-ulikooli-kliinikumi-vahikeskus-10\/#breadcrumb","itemListElement":[{"@type":"ListItem","position":1,"name":"Home","item":"https:\/\/www.kliinikum.ee\/vahikeskus\/"},{"@type":"ListItem","position":2,"name":"Uudised","item":"https:\/\/www.kliinikum.ee\/vahikeskus\/uudised\/"},{"@type":"ListItem","position":3,"name":"Tartu \u00dclikooli Kliinikumi V\u00e4hikeskus 10"}]},{"@type":"WebSite","@id":"https:\/\/www.kliinikum.ee\/vahikeskus\/#website","url":"https:\/\/www.kliinikum.ee\/vahikeskus\/","name":"V\u00e4hikeskus","description":"Hoolivus, Uuendusmeelsus, P\u00e4devus ja Usaldusv\u00e4\u00e4rsus","potentialAction":[{"@type":"SearchAction","target":{"@type":"EntryPoint","urlTemplate":"https:\/\/www.kliinikum.ee\/vahikeskus\/?s={search_term_string}"},"query-input":{"@type":"PropertyValueSpecification","valueRequired":true,"valueName":"search_term_string"}}],"inLanguage":"et"}]}},"uagb_featured_image_src":{"full":false,"thumbnail":false,"medium":false,"medium_large":false,"large":false,"1536x1536":false,"2048x2048":false},"uagb_author_info":{"display_name":"Gerli Kuusk","author_link":"https:\/\/www.kliinikum.ee\/vahikeskus\/author\/"},"uagb_comment_info":0,"uagb_excerpt":"10 aastat V\u00e4hikeskust Tartu \u00dclikooli Kliinikumis T\u00e4na m\u00f6\u00f6dub 10 aastat ja \u00fcks p\u00e4ev sellest kui Tartu \u00dclikooli Kliinikumi juurde loodi 01.05.2015 V\u00e4hikeskus. V\u00e4hikeskus loodi Euroopa V\u00e4hiinstituutide Organisatsiooni ehk OECI (https:\/\/www.oeci.eu) akrediteerimise tulemusena - v\u00e4lise hindamise k\u00f5ige olulisem soovitus oli luua erinevates kliinikutes ja osakondades l\u00e4biviidava v\u00e4hidiagnostika ja -ravi koordineerimiseks struktuuride \u00fclene \u00fcksus, eesm\u00e4rgiga tagada sujuv&hellip;","_links":{"self":[{"href":"https:\/\/www.kliinikum.ee\/vahikeskus\/wp-json\/wp\/v2\/uudised\/7584","targetHints":{"allow":["GET"]}}],"collection":[{"href":"https:\/\/www.kliinikum.ee\/vahikeskus\/wp-json\/wp\/v2\/uudised"}],"about":[{"href":"https:\/\/www.kliinikum.ee\/vahikeskus\/wp-json\/wp\/v2\/types\/uudised"}],"wp:attachment":[{"href":"https:\/\/www.kliinikum.ee\/vahikeskus\/wp-json\/wp\/v2\/media?parent=7584"}],"wp:term":[{"taxonomy":"category","embeddable":true,"href":"https:\/\/www.kliinikum.ee\/vahikeskus\/wp-json\/wp\/v2\/categories?post=7584"},{"taxonomy":"post_tag","embeddable":true,"href":"https:\/\/www.kliinikum.ee\/vahikeskus\/wp-json\/wp\/v2\/tags?post=7584"}],"curies":[{"name":"wp","href":"https:\/\/api.w.org\/{rel}","templated":true}]}}