{"id":7607,"date":"2025-09-11T11:55:58","date_gmt":"2025-09-11T09:55:58","guid":{"rendered":"https:\/\/www.kliinikum.ee\/vahikeskus\/?post_type=uudised&#038;p=7607"},"modified":"2025-09-17T11:46:44","modified_gmt":"2025-09-17T09:46:44","slug":"eestit-kulastasid-euroopa-vahiravi-tippeksperdid","status":"publish","type":"uudised","link":"https:\/\/www.kliinikum.ee\/vahikeskus\/uudised\/eestit-kulastasid-euroopa-vahiravi-tippeksperdid\/","title":{"rendered":"Eestit k\u00fclastasid Euroopa v\u00e4hiravi tippeksperdid"},"content":{"rendered":"\n<p>Eestit k\u00fclastasid Euroopa v\u00e4hiravi tippeksperdid&nbsp;<\/p>\n\n\n\n<p>03.-05.09.2025 k\u00fclastasid Eestit kolmandat korda k\u00fcmme Euroopa v\u00e4hiravi tippeksperti. Visiidi eesm\u00e4rk oli planeerida edasised tegevused Eesti v\u00e4hiravi Euroopa tipptasemele viimiseks.<\/p>\n\n\n\n<p>Kolmel p\u00e4eval Eestit k\u00fclastanud v\u00e4hiravi ja teadusuuringute ekspertkomisjon on p\u00e4rit kogu Euroopast \u2013 Karolinska \u00dclikooli Haiglast ja Uppsala \u00fclikoolist Rootsis, Vall d\u00b4Hebroni \u00dclikooli Haiglast ja onkoloogia instituudist Hispaaniast, Oslo \u00dclikooli Haiglast Norras, Turu rakendusk\u00f5rgkoolist Soomes, Jules Bordet Instituudist Belgias, Euroopa V\u00e4hiuuringute ja Ravi Organisatsioon (EORTC) Belgiast. Visiidi juhtivekspert ja esimees on Eva Jolly, Karolinska v\u00e4hikeskuse juhtiv koordinaator Rootsis.&nbsp;<\/p>\n\n\n\n<p>3. <em>Deep Dive<\/em>\u2019i sessioonid leidsid aset Sotsiaalministeeriumis, Ida-Tallinna Keskhaiglas ning Tervisekassas.<\/p>\n\n\n\n<p><em>Deep Dive<\/em> s\u00fcvendatud kohtumine toimus Euroopa Liidu V\u00e4himissiooni rahastatud projekti CCI4EU <em>(Comprehensive Cancer Infrastructure for Europe)<\/em> raames, mille Eestipoolne juhtiv uurija on Tartu \u00dclikooli Kliinikumi v\u00e4hikeskuse juht dr Lenne-Triin K\u00f5rgvee. Projekti ametlikud partnerid on Tartu \u00dclikooli Kliinikum ning Eesti v\u00e4hit\u00f5rje v\u00f5rgustik<\/p>\n\n\n\n<p>Projekti laiemaks eesm\u00e4rgiks on 2030. aastaks tagada v\u00f5rdse kvaliteediga diagnostika ja ravi igas haiglas ja liikmesriigis. Kaotada erisused teadusuuringute tasemes, innovatsioonis ning ravikvaliteedis nii riikide vahel kui ka riikide siseselt.&nbsp;<\/p>\n\n\n\n<p>K\u00f5kidest kandideerinud riikidest ainult k\u00fcmme said endale Deep Dive programmi \u00f5iguse, Eesti oli \u00fcks nende seast. Iga <em>Deep Dive<\/em> programmis osalenud&nbsp; riik valis t\u00e4psemad arendamist vajavad valdkonnad. Eesti valitud fookusteemadeks olid:&nbsp;<\/p>\n\n\n\n<ul class=\"wp-block-list\">\n<li>v\u00e4hipatsientide riiklike raviteekondade arendamine;<\/li>\n\n\n\n<li>teadust\u00f6\u00f6 ja kliiniliste uuringute v\u00f5imaluste ja v\u00f5imekuse arendamine Eestis;<\/li>\n\n\n\n<li>olemasoleva v\u00e4hiv\u00f5rgustiku v\u00f5imekuse kasvatamine.&nbsp;<\/li>\n<\/ul>\n\n\n\n<p>On t\u00e4htis, et \u00fchise laua taga kohtusid k\u00f5ik Eestist v\u00e4hiraviga seotud haiglad ning partner asutused, kes \u00fcheskoos planeerivad v\u00e4hivaldkonna tulevikutegevusi \u2013 Tartu \u00dclikooli Kliinikum, P\u00f5hja-Eesti Regionaalhaigla, Ida-Tallinna Keskhaigla, Tallinna Lastehaigla, Tartu \u00dclikool, Tallinna Tehnika\u00fclikool, Sotsiaalministeerium, Tervisekassa, Tervise Arengu Instituut, Eesti V\u00e4hiliit ja Eesti V\u00e4hikeskus. Eelnevatel v\u00e4lisekspertide visiidil osalesid lisaks Kliinikumi patsientide n\u00f5ukoda, Saaremaa v\u00e4hipatsientide \u00fching, Eesn\u00e4\u00e4rmev\u00e4hi Patsientide Liit, L\u00e4\u00e4nemaa V\u00e4hi\u00fching ja Eesti V\u00e4hihaigete Laste Vanemate Liidu esindajad.<\/p>\n\n\n\n<p>Kokkuv\u00f5tvalt oli visiid juhtiveksperdi Eva Jolly hinnangul tugevusteks Eesti silmapaistev digitaalne infrastruktuur ja p\u00fchendunud spetsialistid. Samas t\u00f5i ta v\u00e4ljakutseteks v\u00e4lja \u00fcleriigilise k\u00f5ikeh\u00f5lmav v\u00e4hiravi juhtimise, kliiniliste uuringute l\u00e4biviimise toetamise ja \u00fcleriigiliste raviteekondade senise rakendamise, et luua koordineeritud ja patsiendikeskne v\u00e4hiravis\u00fcsteem, mis on koosk\u00f5las Euroopa parimate tavadega.\u201c&nbsp;&nbsp;<\/p>\n\n\n\n<p>V\u00e4liseksperdite kolme visiidi j\u00e4rel koostatakse riiklik tegevuskava, mis on aluseks edasisteks tegevusteks \u00fcle-eestilise v\u00e4hiv\u00f5rgustiku loomiseks ja \u00fcleriigiliste raviteekondade optimeerimiseks.<\/p>\n\n\n\n<p>Dr. Lenne-Triin K\u00f5rgvee hinnangul on tegemist kogu Eesti v\u00e4hivaldkonna jaoks \u00e4\u00e4retult olulise protsessiga, mis on tugev alus j\u00e4rgnevateks arenguteks ja koost\u00f6\u00f6ks, K\u00f5rgvee \u201cKolmas visiti ei ole mitte l\u00f5pp, vaid algus, mis v\u00f5ib muuta kogu s\u00fcsteemi tulevikku\u201d<\/p>\n\n\n\n<figure class=\"wp-block-image size-large\"><img loading=\"lazy\" decoding=\"async\" width=\"1024\" height=\"485\" src=\"https:\/\/www.kliinikum.ee\/vahikeskus\/wp-content\/uploads\/2025\/09\/image-1024x485.png\" alt=\"\" class=\"wp-image-7609\" srcset=\"https:\/\/www.kliinikum.ee\/vahikeskus\/wp-content\/uploads\/2025\/09\/image-1024x485.png 1024w, https:\/\/www.kliinikum.ee\/vahikeskus\/wp-content\/uploads\/2025\/09\/image-300x142.png 300w, https:\/\/www.kliinikum.ee\/vahikeskus\/wp-content\/uploads\/2025\/09\/image-768x364.png 768w, https:\/\/www.kliinikum.ee\/vahikeskus\/wp-content\/uploads\/2025\/09\/image.png 1253w\" sizes=\"auto, (max-width: 1024px) 100vw, 1024px\" \/><\/figure>\n\n\n\n<p><\/p>\n\n\n\n<p><\/p>\n","protected":false},"excerpt":{"rendered":"<p>Eestit k\u00fclastasid Euroopa v\u00e4hiravi tippeksperdid&nbsp; 03.-05.09.2025 k\u00fclastasid Eestit kolmandat korda k\u00fcmme Euroopa v\u00e4hiravi tippeksperti. Visiidi eesm\u00e4rk oli planeerida edasised tegevused Eesti v\u00e4hiravi Euroopa tipptasemele viimiseks. Kolmel p\u00e4eval Eestit k\u00fclastanud v\u00e4hiravi ja teadusuuringute ekspertkomisjon on p\u00e4rit kogu Euroopast \u2013 Karolinska \u00dclikooli Haiglast ja Uppsala \u00fclikoolist Rootsis, Vall d\u00b4Hebroni \u00dclikooli Haiglast ja onkoloogia instituudist Hispaaniast, Oslo \u00dclikooli [&hellip;]<\/p>\n","protected":false},"featured_media":0,"template":"","categories":[],"tags":[],"class_list":["post-7607","uudised","type-uudised","status-publish","hentry"],"acf":[],"yoast_head":"<!-- This site is optimized with the Yoast SEO plugin v27.3 - https:\/\/yoast.com\/product\/yoast-seo-wordpress\/ -->\n<title>Eestit k\u00fclastasid Euroopa v\u00e4hiravi tippeksperdid - V\u00e4hikeskus<\/title>\n<meta name=\"robots\" content=\"index, follow, max-snippet:-1, max-image-preview:large, max-video-preview:-1\" \/>\n<link rel=\"canonical\" href=\"https:\/\/www.kliinikum.ee\/vahikeskus\/uudised\/eestit-kulastasid-euroopa-vahiravi-tippeksperdid\/\" \/>\n<meta property=\"og:locale\" content=\"et_EE\" \/>\n<meta property=\"og:type\" content=\"article\" \/>\n<meta property=\"og:title\" content=\"Eestit k\u00fclastasid Euroopa v\u00e4hiravi tippeksperdid - V\u00e4hikeskus\" \/>\n<meta property=\"og:description\" content=\"Eestit k\u00fclastasid Euroopa v\u00e4hiravi tippeksperdid&nbsp; 03.-05.09.2025 k\u00fclastasid Eestit kolmandat korda k\u00fcmme Euroopa v\u00e4hiravi tippeksperti. Visiidi eesm\u00e4rk oli planeerida edasised tegevused Eesti v\u00e4hiravi Euroopa tipptasemele viimiseks. Kolmel p\u00e4eval Eestit k\u00fclastanud v\u00e4hiravi ja teadusuuringute ekspertkomisjon on p\u00e4rit kogu Euroopast \u2013 Karolinska \u00dclikooli Haiglast ja Uppsala \u00fclikoolist Rootsis, Vall d\u00b4Hebroni \u00dclikooli Haiglast ja onkoloogia instituudist Hispaaniast, Oslo \u00dclikooli [&hellip;]\" \/>\n<meta property=\"og:url\" content=\"https:\/\/www.kliinikum.ee\/vahikeskus\/uudised\/eestit-kulastasid-euroopa-vahiravi-tippeksperdid\/\" \/>\n<meta property=\"og:site_name\" content=\"V\u00e4hikeskus\" \/>\n<meta property=\"article:modified_time\" content=\"2025-09-17T09:46:44+00:00\" \/>\n<meta property=\"og:image\" content=\"https:\/\/www.kliinikum.ee\/vahikeskus\/wp-content\/uploads\/2025\/09\/image.png\" \/>\n\t<meta property=\"og:image:width\" content=\"1253\" \/>\n\t<meta property=\"og:image:height\" content=\"594\" \/>\n\t<meta property=\"og:image:type\" content=\"image\/png\" \/>\n<meta name=\"twitter:card\" content=\"summary_large_image\" \/>\n<meta name=\"twitter:label1\" content=\"Est. reading time\" \/>\n\t<meta name=\"twitter:data1\" content=\"3 minutit\" \/>\n<script type=\"application\/ld+json\" class=\"yoast-schema-graph\">{\"@context\":\"https:\\\/\\\/schema.org\",\"@graph\":[{\"@type\":\"WebPage\",\"@id\":\"https:\\\/\\\/www.kliinikum.ee\\\/vahikeskus\\\/uudised\\\/eestit-kulastasid-euroopa-vahiravi-tippeksperdid\\\/\",\"url\":\"https:\\\/\\\/www.kliinikum.ee\\\/vahikeskus\\\/uudised\\\/eestit-kulastasid-euroopa-vahiravi-tippeksperdid\\\/\",\"name\":\"Eestit k\u00fclastasid Euroopa v\u00e4hiravi tippeksperdid - V\u00e4hikeskus\",\"isPartOf\":{\"@id\":\"https:\\\/\\\/www.kliinikum.ee\\\/vahikeskus\\\/#website\"},\"primaryImageOfPage\":{\"@id\":\"https:\\\/\\\/www.kliinikum.ee\\\/vahikeskus\\\/uudised\\\/eestit-kulastasid-euroopa-vahiravi-tippeksperdid\\\/#primaryimage\"},\"image\":{\"@id\":\"https:\\\/\\\/www.kliinikum.ee\\\/vahikeskus\\\/uudised\\\/eestit-kulastasid-euroopa-vahiravi-tippeksperdid\\\/#primaryimage\"},\"thumbnailUrl\":\"https:\\\/\\\/www.kliinikum.ee\\\/vahikeskus\\\/wp-content\\\/uploads\\\/2025\\\/09\\\/image-1024x485.png\",\"datePublished\":\"2025-09-11T09:55:58+00:00\",\"dateModified\":\"2025-09-17T09:46:44+00:00\",\"breadcrumb\":{\"@id\":\"https:\\\/\\\/www.kliinikum.ee\\\/vahikeskus\\\/uudised\\\/eestit-kulastasid-euroopa-vahiravi-tippeksperdid\\\/#breadcrumb\"},\"inLanguage\":\"et\",\"potentialAction\":[{\"@type\":\"ReadAction\",\"target\":[\"https:\\\/\\\/www.kliinikum.ee\\\/vahikeskus\\\/uudised\\\/eestit-kulastasid-euroopa-vahiravi-tippeksperdid\\\/\"]}]},{\"@type\":\"ImageObject\",\"inLanguage\":\"et\",\"@id\":\"https:\\\/\\\/www.kliinikum.ee\\\/vahikeskus\\\/uudised\\\/eestit-kulastasid-euroopa-vahiravi-tippeksperdid\\\/#primaryimage\",\"url\":\"https:\\\/\\\/www.kliinikum.ee\\\/vahikeskus\\\/wp-content\\\/uploads\\\/2025\\\/09\\\/image.png\",\"contentUrl\":\"https:\\\/\\\/www.kliinikum.ee\\\/vahikeskus\\\/wp-content\\\/uploads\\\/2025\\\/09\\\/image.png\",\"width\":1253,\"height\":594},{\"@type\":\"BreadcrumbList\",\"@id\":\"https:\\\/\\\/www.kliinikum.ee\\\/vahikeskus\\\/uudised\\\/eestit-kulastasid-euroopa-vahiravi-tippeksperdid\\\/#breadcrumb\",\"itemListElement\":[{\"@type\":\"ListItem\",\"position\":1,\"name\":\"Home\",\"item\":\"https:\\\/\\\/www.kliinikum.ee\\\/vahikeskus\\\/\"},{\"@type\":\"ListItem\",\"position\":2,\"name\":\"Uudised\",\"item\":\"https:\\\/\\\/www.kliinikum.ee\\\/vahikeskus\\\/uudised\\\/\"},{\"@type\":\"ListItem\",\"position\":3,\"name\":\"Eestit k\u00fclastasid Euroopa v\u00e4hiravi tippeksperdid\"}]},{\"@type\":\"WebSite\",\"@id\":\"https:\\\/\\\/www.kliinikum.ee\\\/vahikeskus\\\/#website\",\"url\":\"https:\\\/\\\/www.kliinikum.ee\\\/vahikeskus\\\/\",\"name\":\"V\u00e4hikeskus\",\"description\":\"Hoolivus, Uuendusmeelsus, P\u00e4devus ja Usaldusv\u00e4\u00e4rsus\",\"potentialAction\":[{\"@type\":\"SearchAction\",\"target\":{\"@type\":\"EntryPoint\",\"urlTemplate\":\"https:\\\/\\\/www.kliinikum.ee\\\/vahikeskus\\\/?s={search_term_string}\"},\"query-input\":{\"@type\":\"PropertyValueSpecification\",\"valueRequired\":true,\"valueName\":\"search_term_string\"}}],\"inLanguage\":\"et\"}]}<\/script>\n<!-- \/ Yoast SEO plugin. -->","yoast_head_json":{"title":"Eestit k\u00fclastasid Euroopa v\u00e4hiravi tippeksperdid - V\u00e4hikeskus","robots":{"index":"index","follow":"follow","max-snippet":"max-snippet:-1","max-image-preview":"max-image-preview:large","max-video-preview":"max-video-preview:-1"},"canonical":"https:\/\/www.kliinikum.ee\/vahikeskus\/uudised\/eestit-kulastasid-euroopa-vahiravi-tippeksperdid\/","og_locale":"et_EE","og_type":"article","og_title":"Eestit k\u00fclastasid Euroopa v\u00e4hiravi tippeksperdid - V\u00e4hikeskus","og_description":"Eestit k\u00fclastasid Euroopa v\u00e4hiravi tippeksperdid&nbsp; 03.-05.09.2025 k\u00fclastasid Eestit kolmandat korda k\u00fcmme Euroopa v\u00e4hiravi tippeksperti. Visiidi eesm\u00e4rk oli planeerida edasised tegevused Eesti v\u00e4hiravi Euroopa tipptasemele viimiseks. Kolmel p\u00e4eval Eestit k\u00fclastanud v\u00e4hiravi ja teadusuuringute ekspertkomisjon on p\u00e4rit kogu Euroopast \u2013 Karolinska \u00dclikooli Haiglast ja Uppsala \u00fclikoolist Rootsis, Vall d\u00b4Hebroni \u00dclikooli Haiglast ja onkoloogia instituudist Hispaaniast, Oslo \u00dclikooli [&hellip;]","og_url":"https:\/\/www.kliinikum.ee\/vahikeskus\/uudised\/eestit-kulastasid-euroopa-vahiravi-tippeksperdid\/","og_site_name":"V\u00e4hikeskus","article_modified_time":"2025-09-17T09:46:44+00:00","og_image":[{"width":1253,"height":594,"url":"https:\/\/www.kliinikum.ee\/vahikeskus\/wp-content\/uploads\/2025\/09\/image.png","type":"image\/png"}],"twitter_card":"summary_large_image","twitter_misc":{"Est. reading time":"3 minutit"},"schema":{"@context":"https:\/\/schema.org","@graph":[{"@type":"WebPage","@id":"https:\/\/www.kliinikum.ee\/vahikeskus\/uudised\/eestit-kulastasid-euroopa-vahiravi-tippeksperdid\/","url":"https:\/\/www.kliinikum.ee\/vahikeskus\/uudised\/eestit-kulastasid-euroopa-vahiravi-tippeksperdid\/","name":"Eestit k\u00fclastasid Euroopa v\u00e4hiravi tippeksperdid - V\u00e4hikeskus","isPartOf":{"@id":"https:\/\/www.kliinikum.ee\/vahikeskus\/#website"},"primaryImageOfPage":{"@id":"https:\/\/www.kliinikum.ee\/vahikeskus\/uudised\/eestit-kulastasid-euroopa-vahiravi-tippeksperdid\/#primaryimage"},"image":{"@id":"https:\/\/www.kliinikum.ee\/vahikeskus\/uudised\/eestit-kulastasid-euroopa-vahiravi-tippeksperdid\/#primaryimage"},"thumbnailUrl":"https:\/\/www.kliinikum.ee\/vahikeskus\/wp-content\/uploads\/2025\/09\/image-1024x485.png","datePublished":"2025-09-11T09:55:58+00:00","dateModified":"2025-09-17T09:46:44+00:00","breadcrumb":{"@id":"https:\/\/www.kliinikum.ee\/vahikeskus\/uudised\/eestit-kulastasid-euroopa-vahiravi-tippeksperdid\/#breadcrumb"},"inLanguage":"et","potentialAction":[{"@type":"ReadAction","target":["https:\/\/www.kliinikum.ee\/vahikeskus\/uudised\/eestit-kulastasid-euroopa-vahiravi-tippeksperdid\/"]}]},{"@type":"ImageObject","inLanguage":"et","@id":"https:\/\/www.kliinikum.ee\/vahikeskus\/uudised\/eestit-kulastasid-euroopa-vahiravi-tippeksperdid\/#primaryimage","url":"https:\/\/www.kliinikum.ee\/vahikeskus\/wp-content\/uploads\/2025\/09\/image.png","contentUrl":"https:\/\/www.kliinikum.ee\/vahikeskus\/wp-content\/uploads\/2025\/09\/image.png","width":1253,"height":594},{"@type":"BreadcrumbList","@id":"https:\/\/www.kliinikum.ee\/vahikeskus\/uudised\/eestit-kulastasid-euroopa-vahiravi-tippeksperdid\/#breadcrumb","itemListElement":[{"@type":"ListItem","position":1,"name":"Home","item":"https:\/\/www.kliinikum.ee\/vahikeskus\/"},{"@type":"ListItem","position":2,"name":"Uudised","item":"https:\/\/www.kliinikum.ee\/vahikeskus\/uudised\/"},{"@type":"ListItem","position":3,"name":"Eestit k\u00fclastasid Euroopa v\u00e4hiravi tippeksperdid"}]},{"@type":"WebSite","@id":"https:\/\/www.kliinikum.ee\/vahikeskus\/#website","url":"https:\/\/www.kliinikum.ee\/vahikeskus\/","name":"V\u00e4hikeskus","description":"Hoolivus, Uuendusmeelsus, P\u00e4devus ja Usaldusv\u00e4\u00e4rsus","potentialAction":[{"@type":"SearchAction","target":{"@type":"EntryPoint","urlTemplate":"https:\/\/www.kliinikum.ee\/vahikeskus\/?s={search_term_string}"},"query-input":{"@type":"PropertyValueSpecification","valueRequired":true,"valueName":"search_term_string"}}],"inLanguage":"et"}]}},"uagb_featured_image_src":{"full":false,"thumbnail":false,"medium":false,"medium_large":false,"large":false,"1536x1536":false,"2048x2048":false},"uagb_author_info":{"display_name":"Gerli Kuusk","author_link":"https:\/\/www.kliinikum.ee\/vahikeskus\/author\/"},"uagb_comment_info":0,"uagb_excerpt":"Eestit k\u00fclastasid Euroopa v\u00e4hiravi tippeksperdid&nbsp; 03.-05.09.2025 k\u00fclastasid Eestit kolmandat korda k\u00fcmme Euroopa v\u00e4hiravi tippeksperti. Visiidi eesm\u00e4rk oli planeerida edasised tegevused Eesti v\u00e4hiravi Euroopa tipptasemele viimiseks. Kolmel p\u00e4eval Eestit k\u00fclastanud v\u00e4hiravi ja teadusuuringute ekspertkomisjon on p\u00e4rit kogu Euroopast \u2013 Karolinska \u00dclikooli Haiglast ja Uppsala \u00fclikoolist Rootsis, Vall d\u00b4Hebroni \u00dclikooli Haiglast ja onkoloogia instituudist Hispaaniast, Oslo \u00dclikooli&hellip;","_links":{"self":[{"href":"https:\/\/www.kliinikum.ee\/vahikeskus\/wp-json\/wp\/v2\/uudised\/7607","targetHints":{"allow":["GET"]}}],"collection":[{"href":"https:\/\/www.kliinikum.ee\/vahikeskus\/wp-json\/wp\/v2\/uudised"}],"about":[{"href":"https:\/\/www.kliinikum.ee\/vahikeskus\/wp-json\/wp\/v2\/types\/uudised"}],"wp:attachment":[{"href":"https:\/\/www.kliinikum.ee\/vahikeskus\/wp-json\/wp\/v2\/media?parent=7607"}],"wp:term":[{"taxonomy":"category","embeddable":true,"href":"https:\/\/www.kliinikum.ee\/vahikeskus\/wp-json\/wp\/v2\/categories?post=7607"},{"taxonomy":"post_tag","embeddable":true,"href":"https:\/\/www.kliinikum.ee\/vahikeskus\/wp-json\/wp\/v2\/tags?post=7607"}],"curies":[{"name":"wp","href":"https:\/\/api.w.org\/{rel}","templated":true}]}}